{"id":691,"date":"2024-01-30T14:27:51","date_gmt":"2024-01-30T17:27:51","guid":{"rendered":"https:\/\/ademe.org.ar\/?page_id=691"},"modified":"2024-01-30T14:29:48","modified_gmt":"2024-01-30T17:29:48","slug":"noticias-2","status":"publish","type":"page","link":"https:\/\/ademe.org.ar\/?page_id=691","title":{"rendered":"Blog y Noticias"},"content":{"rendered":"<div  class=\"ultp-post-grid-block wp-block-ultimate-post-post-grid-4 ultp-block-62c07f\"><div class=\"ultp-block-wrapper\"><div class=\"ultp-loading\"><div class=\"ultp-loading-blocks\" style=\"width:100%;height:100%;\"><div style=\"left: 0;top: 0;animation-delay:0s;\"><\/div><div style=\"left: 21px;top: 0;animation-delay:0.125s;\"><\/div><div style=\"left: 42px;top: 0;animation-delay:0.25s;\"><\/div><div style=\"left: 0;top: 21px;animation-delay:0.875s;\"><\/div><div style=\"left: 42px;top: 21px;animation-delay:0.375s;\"><\/div><div style=\"left: 0;top: 42px;animation-delay:0.75s;\"><\/div><div style=\"left: 42px;top: 42px;animation-delay:0.625s;\"><\/div><div style=\"left: 21px;top: 42px;animation-delay:0.5s;\"><\/div><\/div><\/div><div class=\"ultp-block-items-wrap ultp-block-row ultp-layout1 ultp-block-content-\"><div class=\"ultp-block-item post-id-1169\"><div class=\"ultp-block-content-wrap ultp-block-content-overlay\"><div class=\"ultp-block-image ultp-block-image-slideRight ultp-block-image-overlay ultp-block-image-custom\"><a href=\"https:\/\/ademe.org.ar\/?p=1169\" ><img decoding=\"async\"  alt=\"Caravana de autos en C\u00f3rdoba: ADEME particip\u00f3 del reclamo por la derogaci\u00f3n de la Ley 11.087 y la devoluci\u00f3n de los aportes personales\"  src=\"https:\/\/ademe.org.ar\/wp-content\/uploads\/2026\/04\/WhatsApp-Image-2026-04-01-at-13.54.48-870x570.jpeg\" \/><\/a><\/div><div class=\"ultp-block-content ultp-block-content-bottomPosition\"><div class=\"ultp-block-content-inner\"><div class=\"ultp-category-grid ultp-category-classic ultp-category-aboveTitle\"><div class=\"ultp-category-in\"><a class=\"ultp-cat-noticias\" href=\"https:\/\/ademe.org.ar\/?cat=7\"  >NOTICIAS<\/a><\/div><\/div><h3 class=\"ultp-block-title \"><a href=\"https:\/\/ademe.org.ar\/?p=1169\" >Caravana de autos en C\u00f3rdoba: ADEME particip\u00f3 del reclamo por la derogaci\u00f3n de la Ley 11.087 y la devoluci\u00f3n de los aportes personales<\/a><\/h3><div class=\"ultp-block-meta ultp-block-meta-dash ultp-block-meta-style3\"><span class=\"ultp-block-author ultp-block-meta-element\"><img decoding=\"async\" loading=\"lazy\" class=\"ultp-meta-author-img\" src=\"https:\/\/secure.gravatar.com\/avatar\/a14be0d0e083684b3b7217bdf9b13281674538f747850af19dcbfec3743e1f1c?s=96&#038;d=mm&#038;r=g\" alt=\"By\" \/>By<a class=\"\" href=\"https:\/\/ademe.org.ar\/?author=1\">ademe.org.ar<\/a><\/span><span class=\"ultp-block-date ultp-block-meta-element\"><svg xmlns=\"http:\/\/www.w3.org\/2000\/svg\" fill=\"none\" viewBox=\"0 0 24 24\">\n  <path stroke=\"currentColor\" stroke-linecap=\"round\" stroke-linejoin=\"round\" stroke-width=\"1.5\" d=\"M3 5.5a2 2 0 0 1 2-2h14a2 2 0 0 1 2 2v14a2 2 0 0 1-2 2H5a2 2 0 0 1-2-2v-14ZM8 2v3m8-3v3M3 9h18\"\/>\n<\/svg>\nAbr 1, 2026<\/span><span class=\"ultp-post-read ultp-block-meta-element\"><svg xmlns=\"http:\/\/www.w3.org\/2000\/svg\" fill=\"none\" viewBox=\"0 0 24 24\">\n  <path stroke=\"currentColor\" stroke-linecap=\"round\" stroke-linejoin=\"round\" stroke-width=\"1.5\" d=\"M4 5v14a3 3 0 0 0 3 3h13V8H7a3 3 0 0 1-3-3Zm0 0a3 3 0 0 1 3-3h13M7 5h10\"\/>\n  <path stroke=\"currentColor\" stroke-linecap=\"round\" stroke-linejoin=\"round\" stroke-width=\"1.5\" d=\"M9.5 18.5v-3.092a3 3 0 0 1 .504-1.664l1.219-1.828a.934.934 0 0 1 1.554 0l1.22 1.828a3 3 0 0 1 .503 1.664V18.5m-5-2.5h5\"\/>\n<\/svg>\n2 min read<\/span><\/div><\/div><\/div><\/div><\/div><div class=\"ultp-block-item post-id-1138\"><div class=\"ultp-block-content-wrap ultp-block-content-overlay\"><div class=\"ultp-block-image ultp-block-image-slideRight ultp-block-image-overlay ultp-block-image-custom\"><a href=\"https:\/\/ademe.org.ar\/?p=1138\" ><img decoding=\"async\"  alt=\"ADEME se sum\u00f3 a otros gremios en defensa de la jubilaci\u00f3n digna\"  src=\"https:\/\/ademe.org.ar\/wp-content\/uploads\/2026\/01\/OT7O7QSDRZCWZOFVM3YCHKUMTM-600x520.jpg\" \/><\/a><\/div><div class=\"ultp-block-content ultp-block-content-bottomPosition\"><div class=\"ultp-block-content-inner\"><div class=\"ultp-category-grid ultp-category-classic ultp-category-aboveTitle\"><div class=\"ultp-category-in\"><a class=\"ultp-cat-noticias\" href=\"https:\/\/ademe.org.ar\/?cat=7\"  >NOTICIAS<\/a><\/div><\/div><h3 class=\"ultp-block-title \"><a href=\"https:\/\/ademe.org.ar\/?p=1138\" >ADEME se sum\u00f3 a otros gremios en defensa de la jubilaci\u00f3n digna<\/a><\/h3><div class=\"ultp-block-meta ultp-block-meta-dash ultp-block-meta-style3\"><span class=\"ultp-block-author ultp-block-meta-element\"><img decoding=\"async\" loading=\"lazy\" class=\"ultp-meta-author-img\" src=\"https:\/\/secure.gravatar.com\/avatar\/a14be0d0e083684b3b7217bdf9b13281674538f747850af19dcbfec3743e1f1c?s=96&#038;d=mm&#038;r=g\" alt=\"By\" \/>By<a class=\"\" href=\"https:\/\/ademe.org.ar\/?author=1\">ademe.org.ar<\/a><\/span><span class=\"ultp-block-date ultp-block-meta-element\"><svg xmlns=\"http:\/\/www.w3.org\/2000\/svg\" fill=\"none\" viewBox=\"0 0 24 24\">\n  <path stroke=\"currentColor\" stroke-linecap=\"round\" stroke-linejoin=\"round\" stroke-width=\"1.5\" d=\"M3 5.5a2 2 0 0 1 2-2h14a2 2 0 0 1 2 2v14a2 2 0 0 1-2 2H5a2 2 0 0 1-2-2v-14ZM8 2v3m8-3v3M3 9h18\"\/>\n<\/svg>\nEne 13, 2026<\/span><\/div><\/div><\/div><\/div><\/div><div class=\"ultp-block-item post-id-1103\"><div class=\"ultp-block-content-wrap ultp-block-content-overlay\"><div class=\"ultp-block-image ultp-block-image-slideRight ultp-block-image-overlay ultp-block-image-custom\"><a href=\"https:\/\/ademe.org.ar\/?p=1103\" ><img decoding=\"async\"  alt=\"Publicaci\u00f3n de las Listas de Orden de M\u00e9rito Definitivas para Secundaria \u2013 Ciclo Lectivo 2026\"  src=\"https:\/\/ademe.org.ar\/wp-content\/uploads\/2025\/10\/MOV_2599-1-600x600.jpg\" \/><\/a><\/div><div class=\"ultp-block-content ultp-block-content-bottomPosition\"><div class=\"ultp-block-content-inner\"><div class=\"ultp-category-grid ultp-category-classic ultp-category-aboveTitle\"><div class=\"ultp-category-in\"><a class=\"ultp-cat-blog\" href=\"https:\/\/ademe.org.ar\/?cat=1\"  >Blog<\/a><\/div><\/div><h3 class=\"ultp-block-title \"><a href=\"https:\/\/ademe.org.ar\/?p=1103\" >Publicaci\u00f3n de las Listas de Orden de M\u00e9rito Definitivas para Secundaria \u2013 Ciclo Lectivo 2026<\/a><\/h3><div class=\"ultp-block-meta ultp-block-meta-dash ultp-block-meta-style3\"><span class=\"ultp-block-author ultp-block-meta-element\"><img decoding=\"async\" loading=\"lazy\" class=\"ultp-meta-author-img\" src=\"https:\/\/secure.gravatar.com\/avatar\/a14be0d0e083684b3b7217bdf9b13281674538f747850af19dcbfec3743e1f1c?s=96&#038;d=mm&#038;r=g\" alt=\"By\" \/>By<a class=\"\" href=\"https:\/\/ademe.org.ar\/?author=1\">ademe.org.ar<\/a><\/span><span class=\"ultp-block-date ultp-block-meta-element\"><svg xmlns=\"http:\/\/www.w3.org\/2000\/svg\" fill=\"none\" viewBox=\"0 0 24 24\">\n  <path stroke=\"currentColor\" stroke-linecap=\"round\" stroke-linejoin=\"round\" stroke-width=\"1.5\" d=\"M3 5.5a2 2 0 0 1 2-2h14a2 2 0 0 1 2 2v14a2 2 0 0 1-2 2H5a2 2 0 0 1-2-2v-14ZM8 2v3m8-3v3M3 9h18\"\/>\n<\/svg>\nOct 27, 2025<\/span><\/div><\/div><\/div><\/div><\/div><\/div><\/div><div class=\"pagination-block-html\" aria-hidden=\"true\" style=\"display: none;\"><\/div><\/div>\n\n<div  class=\"ultp-post-grid-block wp-block-ultimate-post-post-grid-2 ultp-block-fe7e0d\"><div class=\"ultp-block-wrapper\"><div class=\"ultp-loading\"><div class=\"ultp-loading-blocks\" style=\"width:100%;height:100%;\"><div style=\"left: 0;top: 0;animation-delay:0s;\"><\/div><div style=\"left: 21px;top: 0;animation-delay:0.125s;\"><\/div><div style=\"left: 42px;top: 0;animation-delay:0.25s;\"><\/div><div style=\"left: 0;top: 21px;animation-delay:0.875s;\"><\/div><div style=\"left: 42px;top: 21px;animation-delay:0.375s;\"><\/div><div style=\"left: 0;top: 42px;animation-delay:0.75s;\"><\/div><div style=\"left: 42px;top: 42px;animation-delay:0.625s;\"><\/div><div style=\"left: 21px;top: 42px;animation-delay:0.5s;\"><\/div><\/div><\/div><div class=\"ultp-heading-filter\"><div class=\"ultp-heading-filter-in\"><div class=\"ultp-heading-wrap ultp-heading-style1 ultp-heading-left\"><h2 class=\"ultp-heading-inner\"><span>M\u00e1s Posts<\/span><\/h2><div class=\"ultp-sub-heading\"><div class=\"ultp-sub-heading-inner\">We have created classic post and article for you<\/div><\/div><\/div><\/div><\/div><div class=\"ultp-block-items-wrap ultp-block-row\"><div class=\"ultp-block-item post-id-1169\"><div class=\"ultp-block-content-wrap ultp-block-content-overlay\"><div class=\"ultp-block-image ultp-block-image-zoomOut ultp-block-image-overlay ultp-block-image-custom\"><a href=\"https:\/\/ademe.org.ar\/?p=1169\" ><img decoding=\"async\"  alt=\"Caravana de autos en C\u00f3rdoba: ADEME particip\u00f3 del reclamo por la derogaci\u00f3n de la Ley 11.087 y la devoluci\u00f3n de los aportes personales\"  src=\"https:\/\/ademe.org.ar\/wp-content\/uploads\/2026\/04\/WhatsApp-Image-2026-04-01-at-13.54.48-870x570.jpeg\" \/><\/a><\/div><div class=\"ultp-block-content ultp-block-content-bottomPosition\"><div class=\"ultp-block-content-inner\"><h3 class=\"ultp-block-title \"><a href=\"https:\/\/ademe.org.ar\/?p=1169\" >Caravana de autos en C\u00f3rdoba: ADEME particip\u00f3 del reclamo por la derogaci\u00f3n de la Ley 11.087 y la devoluci\u00f3n de los aportes personales<\/a><\/h3><div class=\"ultp-block-meta ultp-block-meta-dash ultp-block-meta-style3\"><span class=\"ultp-block-author ultp-block-meta-element\"><img decoding=\"async\" loading=\"lazy\" class=\"ultp-meta-author-img\" src=\"https:\/\/secure.gravatar.com\/avatar\/a14be0d0e083684b3b7217bdf9b13281674538f747850af19dcbfec3743e1f1c?s=96&#038;d=mm&#038;r=g\" alt=\"By\" \/>By<a class=\"\" href=\"https:\/\/ademe.org.ar\/?author=1\">ademe.org.ar<\/a><\/span><span class=\"ultp-block-date ultp-block-meta-element\"><svg xmlns=\"http:\/\/www.w3.org\/2000\/svg\" fill=\"none\" viewBox=\"0 0 24 24\">\n  <path stroke=\"currentColor\" stroke-linecap=\"round\" stroke-linejoin=\"round\" stroke-width=\"1.5\" d=\"M3 5.5a2 2 0 0 1 2-2h14a2 2 0 0 1 2 2v14a2 2 0 0 1-2 2H5a2 2 0 0 1-2-2v-14ZM8 2v3m8-3v3M3 9h18\"\/>\n<\/svg>\nAbr 1, 2026<\/span><\/div><\/div><\/div><\/div><\/div><div class=\"ultp-block-item post-id-1138\"><div class=\"ultp-block-content-wrap ultp-block-content-overlay\"><div class=\"ultp-block-image ultp-block-image-zoomOut ultp-block-image-overlay ultp-block-image-custom\"><a href=\"https:\/\/ademe.org.ar\/?p=1138\" ><img decoding=\"async\"  alt=\"ADEME se sum\u00f3 a otros gremios en defensa de la jubilaci\u00f3n digna\"  src=\"https:\/\/ademe.org.ar\/wp-content\/uploads\/2026\/01\/OT7O7QSDRZCWZOFVM3YCHKUMTM-870x520.jpg\" \/><\/a><\/div><div class=\"ultp-block-content ultp-block-content-bottomPosition\"><div class=\"ultp-block-content-inner\"><h3 class=\"ultp-block-title \"><a href=\"https:\/\/ademe.org.ar\/?p=1138\" >ADEME se sum\u00f3 a otros gremios en defensa de la jubilaci\u00f3n digna<\/a><\/h3><div class=\"ultp-block-meta ultp-block-meta-dash ultp-block-meta-style3\"><span class=\"ultp-block-author ultp-block-meta-element\"><img decoding=\"async\" loading=\"lazy\" class=\"ultp-meta-author-img\" src=\"https:\/\/secure.gravatar.com\/avatar\/a14be0d0e083684b3b7217bdf9b13281674538f747850af19dcbfec3743e1f1c?s=96&#038;d=mm&#038;r=g\" alt=\"By\" \/>By<a class=\"\" href=\"https:\/\/ademe.org.ar\/?author=1\">ademe.org.ar<\/a><\/span><span class=\"ultp-block-date ultp-block-meta-element\"><svg xmlns=\"http:\/\/www.w3.org\/2000\/svg\" fill=\"none\" viewBox=\"0 0 24 24\">\n  <path stroke=\"currentColor\" stroke-linecap=\"round\" stroke-linejoin=\"round\" stroke-width=\"1.5\" d=\"M3 5.5a2 2 0 0 1 2-2h14a2 2 0 0 1 2 2v14a2 2 0 0 1-2 2H5a2 2 0 0 1-2-2v-14ZM8 2v3m8-3v3M3 9h18\"\/>\n<\/svg>\nEne 13, 2026<\/span><\/div><\/div><\/div><\/div><\/div><div class=\"ultp-block-item post-id-1103\"><div class=\"ultp-block-content-wrap ultp-block-content-overlay\"><div class=\"ultp-block-image ultp-block-image-zoomOut ultp-block-image-overlay ultp-block-image-custom\"><a href=\"https:\/\/ademe.org.ar\/?p=1103\" ><img decoding=\"async\"  alt=\"Publicaci\u00f3n de las Listas de Orden de M\u00e9rito Definitivas para Secundaria \u2013 Ciclo Lectivo 2026\"  src=\"https:\/\/ademe.org.ar\/wp-content\/uploads\/2025\/10\/MOV_2599-1-870x570.jpg\" \/><\/a><\/div><div class=\"ultp-block-content ultp-block-content-bottomPosition\"><div class=\"ultp-block-content-inner\"><h3 class=\"ultp-block-title \"><a href=\"https:\/\/ademe.org.ar\/?p=1103\" >Publicaci\u00f3n de las Listas de Orden de M\u00e9rito Definitivas para Secundaria \u2013 Ciclo Lectivo 2026<\/a><\/h3><div class=\"ultp-block-meta ultp-block-meta-dash ultp-block-meta-style3\"><span class=\"ultp-block-author ultp-block-meta-element\"><img decoding=\"async\" loading=\"lazy\" class=\"ultp-meta-author-img\" src=\"https:\/\/secure.gravatar.com\/avatar\/a14be0d0e083684b3b7217bdf9b13281674538f747850af19dcbfec3743e1f1c?s=96&#038;d=mm&#038;r=g\" alt=\"By\" \/>By<a class=\"\" href=\"https:\/\/ademe.org.ar\/?author=1\">ademe.org.ar<\/a><\/span><span class=\"ultp-block-date ultp-block-meta-element\"><svg xmlns=\"http:\/\/www.w3.org\/2000\/svg\" fill=\"none\" viewBox=\"0 0 24 24\">\n  <path stroke=\"currentColor\" stroke-linecap=\"round\" stroke-linejoin=\"round\" stroke-width=\"1.5\" d=\"M3 5.5a2 2 0 0 1 2-2h14a2 2 0 0 1 2 2v14a2 2 0 0 1-2 2H5a2 2 0 0 1-2-2v-14ZM8 2v3m8-3v3M3 9h18\"\/>\n<\/svg>\nOct 27, 2025<\/span><\/div><\/div><\/div><\/div><\/div><div class=\"ultp-block-item post-id-809\"><div class=\"ultp-block-content-wrap ultp-block-content-overlay\"><div class=\"ultp-block-image ultp-block-image-zoomOut ultp-block-image-overlay ultp-block-image-custom\"><a href=\"https:\/\/ademe.org.ar\/?p=809\" ><img decoding=\"async\"  alt=\"ADEME ACOMPA\u00d1\u00d3 LA PRESENTACI\u00d3N DEL PLAN DE DESARROLLO EDUCATIVO 2023-2027\"  src=\"https:\/\/ademe.org.ar\/wp-content\/uploads\/2024\/05\/WhatsApp-Image-2024-05-16-at-18.27.06-870x570.jpeg\" \/><\/a><\/div><div class=\"ultp-block-content ultp-block-content-bottomPosition\"><div class=\"ultp-block-content-inner\"><h3 class=\"ultp-block-title \"><a href=\"https:\/\/ademe.org.ar\/?p=809\" >ADEME ACOMPA\u00d1\u00d3 LA PRESENTACI\u00d3N DEL PLAN DE DESARROLLO EDUCATIVO 2023-2027<\/a><\/h3><div class=\"ultp-block-meta ultp-block-meta-dash ultp-block-meta-style3\"><span class=\"ultp-block-author ultp-block-meta-element\"><img decoding=\"async\" loading=\"lazy\" class=\"ultp-meta-author-img\" src=\"https:\/\/secure.gravatar.com\/avatar\/a14be0d0e083684b3b7217bdf9b13281674538f747850af19dcbfec3743e1f1c?s=96&#038;d=mm&#038;r=g\" alt=\"By\" \/>By<a class=\"\" href=\"https:\/\/ademe.org.ar\/?author=1\">ademe.org.ar<\/a><\/span><span class=\"ultp-block-date ultp-block-meta-element\"><svg xmlns=\"http:\/\/www.w3.org\/2000\/svg\" fill=\"none\" viewBox=\"0 0 24 24\">\n  <path stroke=\"currentColor\" stroke-linecap=\"round\" stroke-linejoin=\"round\" stroke-width=\"1.5\" d=\"M3 5.5a2 2 0 0 1 2-2h14a2 2 0 0 1 2 2v14a2 2 0 0 1-2 2H5a2 2 0 0 1-2-2v-14ZM8 2v3m8-3v3M3 9h18\"\/>\n<\/svg>\nMay 17, 2024<\/span><\/div><\/div><\/div><\/div><\/div><div class=\"ultp-block-item post-id-744\"><div class=\"ultp-block-content-wrap ultp-block-content-overlay\"><div class=\"ultp-block-image ultp-block-image-zoomOut ultp-block-image-overlay ultp-block-image-custom\"><a href=\"https:\/\/ademe.org.ar\/?p=744\" ><img decoding=\"async\"  alt=\"LOS GREMIOS ESTATALES RECHAZAN LOS NUEVOSAPORTES AL APROSS Y EL NUEVO DIFERIMIENTOIMPUESTO A LOS JUBILADOS\"  src=\"https:\/\/ademe.org.ar\/wp-content\/uploads\/2024\/03\/com-bor.jpg\" \/><\/a><\/div><div class=\"ultp-block-content ultp-block-content-bottomPosition\"><div class=\"ultp-block-content-inner\"><h3 class=\"ultp-block-title \"><a href=\"https:\/\/ademe.org.ar\/?p=744\" >LOS GREMIOS ESTATALES RECHAZAN LOS NUEVOSAPORTES AL APROSS Y EL NUEVO DIFERIMIENTOIMPUESTO A LOS JUBILADOS<\/a><\/h3><div class=\"ultp-block-meta ultp-block-meta-dash ultp-block-meta-style3\"><span class=\"ultp-block-author ultp-block-meta-element\"><img decoding=\"async\" loading=\"lazy\" class=\"ultp-meta-author-img\" src=\"https:\/\/secure.gravatar.com\/avatar\/a14be0d0e083684b3b7217bdf9b13281674538f747850af19dcbfec3743e1f1c?s=96&#038;d=mm&#038;r=g\" alt=\"By\" \/>By<a class=\"\" href=\"https:\/\/ademe.org.ar\/?author=1\">ademe.org.ar<\/a><\/span><span class=\"ultp-block-date ultp-block-meta-element\"><svg xmlns=\"http:\/\/www.w3.org\/2000\/svg\" fill=\"none\" viewBox=\"0 0 24 24\">\n  <path stroke=\"currentColor\" stroke-linecap=\"round\" stroke-linejoin=\"round\" stroke-width=\"1.5\" d=\"M3 5.5a2 2 0 0 1 2-2h14a2 2 0 0 1 2 2v14a2 2 0 0 1-2 2H5a2 2 0 0 1-2-2v-14ZM8 2v3m8-3v3M3 9h18\"\/>\n<\/svg>\nMar 12, 2024<\/span><\/div><\/div><\/div><\/div><\/div><div class=\"ultp-block-item post-id-714\"><div class=\"ultp-block-content-wrap ultp-block-content-overlay\"><div class=\"ultp-block-image ultp-block-image-zoomOut ultp-block-image-overlay ultp-block-image-custom\"><a href=\"https:\/\/ademe.org.ar\/?p=714\" ><img decoding=\"async\"  alt=\"TITULARIZACI\u00d3N DE DOCENTES INTERINOS DE LA MODALIDAD J\u00d3VENES Y ADULTOS\"  src=\"https:\/\/ademe.org.ar\/wp-content\/uploads\/2024\/02\/escena-escuela-ninos-870x570.jpg\" \/><\/a><\/div><div class=\"ultp-block-content ultp-block-content-bottomPosition\"><div class=\"ultp-block-content-inner\"><h3 class=\"ultp-block-title \"><a href=\"https:\/\/ademe.org.ar\/?p=714\" >TITULARIZACI\u00d3N DE DOCENTES INTERINOS DE LA MODALIDAD J\u00d3VENES Y ADULTOS<\/a><\/h3><div class=\"ultp-block-meta ultp-block-meta-dash ultp-block-meta-style3\"><span class=\"ultp-block-author ultp-block-meta-element\"><img decoding=\"async\" loading=\"lazy\" class=\"ultp-meta-author-img\" src=\"https:\/\/secure.gravatar.com\/avatar\/a14be0d0e083684b3b7217bdf9b13281674538f747850af19dcbfec3743e1f1c?s=96&#038;d=mm&#038;r=g\" alt=\"By\" \/>By<a class=\"\" href=\"https:\/\/ademe.org.ar\/?author=1\">ademe.org.ar<\/a><\/span><span class=\"ultp-block-date ultp-block-meta-element\"><svg xmlns=\"http:\/\/www.w3.org\/2000\/svg\" fill=\"none\" viewBox=\"0 0 24 24\">\n  <path stroke=\"currentColor\" stroke-linecap=\"round\" stroke-linejoin=\"round\" stroke-width=\"1.5\" d=\"M3 5.5a2 2 0 0 1 2-2h14a2 2 0 0 1 2 2v14a2 2 0 0 1-2 2H5a2 2 0 0 1-2-2v-14ZM8 2v3m8-3v3M3 9h18\"\/>\n<\/svg>\nFeb 15, 2024<\/span><\/div><\/div><\/div><\/div><\/div><\/div><\/div><div class=\"pagination-block-html\" aria-hidden=\"true\" style=\"display: none;\"><\/div><\/div>\n\n\n<div class=\"wp-block-columns is-layout-flex wp-container-core-columns-is-layout-9d6595d7 wp-block-columns-is-layout-flex\">\n<div class=\"wp-block-column is-layout-flow wp-block-column-is-layout-flow\" style=\"flex-basis:70%\"><\/div>\n<\/div>\n","protected":false},"excerpt":{"rendered":"","protected":false},"author":1,"featured_media":0,"parent":0,"menu_order":0,"comment_status":"closed","ping_status":"closed","template":"","meta":{"om_disable_all_campaigns":false,"_monsterinsights_skip_tracking":false,"_monsterinsights_sitenote_active":false,"_monsterinsights_sitenote_note":"","_monsterinsights_sitenote_category":0,"footnotes":""},"class_list":["post-691","page","type-page","status-publish","hentry"],"aioseo_notices":[],"_links":{"self":[{"href":"https:\/\/ademe.org.ar\/index.php?rest_route=\/wp\/v2\/pages\/691","targetHints":{"allow":["GET"]}}],"collection":[{"href":"https:\/\/ademe.org.ar\/index.php?rest_route=\/wp\/v2\/pages"}],"about":[{"href":"https:\/\/ademe.org.ar\/index.php?rest_route=\/wp\/v2\/types\/page"}],"author":[{"embeddable":true,"href":"https:\/\/ademe.org.ar\/index.php?rest_route=\/wp\/v2\/users\/1"}],"replies":[{"embeddable":true,"href":"https:\/\/ademe.org.ar\/index.php?rest_route=%2Fwp%2Fv2%2Fcomments&post=691"}],"version-history":[{"count":2,"href":"https:\/\/ademe.org.ar\/index.php?rest_route=\/wp\/v2\/pages\/691\/revisions"}],"predecessor-version":[{"id":693,"href":"https:\/\/ademe.org.ar\/index.php?rest_route=\/wp\/v2\/pages\/691\/revisions\/693"}],"wp:attachment":[{"href":"https:\/\/ademe.org.ar\/index.php?rest_route=%2Fwp%2Fv2%2Fmedia&parent=691"}],"curies":[{"name":"wp","href":"https:\/\/api.w.org\/{rel}","templated":true}]}}